{"id":2145,"date":"2020-05-28T15:35:40","date_gmt":"2020-05-28T13:35:40","guid":{"rendered":"https:\/\/welti-art.ch\/?page_id=2145"},"modified":"2021-09-26T11:58:14","modified_gmt":"2021-09-26T09:58:14","slug":"edizione-stampa","status":"publish","type":"page","link":"https:\/\/welti-art.ch\/it\/edizione-stampa\/","title":{"rendered":"Edizione Stampa"},"content":{"rendered":"<p>[vc_row][vc_column width=&#8221;2\/3&#8243;][vc_column_text]<\/p>\n<h3>Thomas Welti<\/h3>\n<p>[\/vc_column_text][vc_column_text]<\/p>\n<h2>Forms with energie&amp;elegance<\/h2>\n<p>[\/vc_column_text][\/vc_column][vc_column width=&#8221;1\/3&#8243;][\/vc_column][\/vc_row][vc_row][vc_column][vc_raw_html]JTNDZGl2JTIwZGF0YS1jb25maWdpZCUzRCUyMjU0Mjc1NzclMkY1NjM4NTkyNCUyMiUyMHN0eWxlJTNEJTIyd2lkdGglM0ExMDAlMjUlM0IlMjBoZWlnaHQlM0E2MDBweCUzQiUyMiUyMGNsYXNzJTNEJTIyaXNzdXVlbWJlZCUyMiUzRSUzQyUyRmRpdiUzRSUwQSUzQ3NjcmlwdCUyMHR5cGUlM0QlMjJ0ZXh0JTJGamF2YXNjcmlwdCUyMiUyMHNyYyUzRCUyMiUyRiUyRmUuaXNzdXUuY29tJTJGZW1iZWQuanMlMjIlMjBhc3luYyUzRCUyMnRydWUlMjIlM0UlM0MlMkZzY3JpcHQlM0U=[\/vc_raw_html][\/vc_column][\/vc_row][vc_row full_width=&#8221;stretch_row_content_no_spaces&#8221;][vc_column][vc_separator color=&#8221;black&#8221; border_width=&#8221;2&#8243;][\/vc_column][\/vc_row][vc_row][vc_column width=&#8221;2\/3&#8243;][vc_column_text]<\/p>\n<h3>Thomas Welti<\/h3>\n<p>[\/vc_column_text][vc_column_text]<\/p>\n<h2>corpi umani<br \/>\nmenschenk\u00f6rper<\/h2>\n<p>[\/vc_column_text][vc_single_image image=&#8221;767&#8243; img_size=&#8221;full&#8221;][vc_column_text]Edition 2006, deutsch, italienisch, 112 Seiten, Hardcover, Buchformat 22&#215;24 cm, 100 Abbildungen von Zeichnungen und plastischen Werken<\/p>\n<p>ISBN 88-8341-266-4 CHF 45.&#8211; \/\u20ac 30.&#8211; (Preis zuz\u00fcglich Porto + Verpackung)[\/vc_column_text][vc_column_text]<\/p>\n<h4>Bestellung:<\/h4>\n<p>[\/vc_column_text]\n<div class=\"wpcf7 no-js\" id=\"wpcf7-f770-o1\" lang=\"it-IT\" dir=\"ltr\" data-wpcf7-id=\"770\">\n<div class=\"screen-reader-response\"><p role=\"status\" aria-live=\"polite\" aria-atomic=\"true\"><\/p> <ul><\/ul><\/div>\n<form action=\"\/it\/wp-json\/wp\/v2\/pages\/2145#wpcf7-f770-o1\" method=\"post\" class=\"wpcf7-form init\" aria-label=\"Modulo di contatto\" novalidate=\"novalidate\" data-status=\"init\">\n<fieldset class=\"hidden-fields-container\"><input type=\"hidden\" name=\"_wpcf7\" value=\"770\" \/><input type=\"hidden\" name=\"_wpcf7_version\" value=\"6.1.5\" \/><input type=\"hidden\" name=\"_wpcf7_locale\" value=\"it_IT\" \/><input type=\"hidden\" name=\"_wpcf7_unit_tag\" value=\"wpcf7-f770-o1\" \/><input type=\"hidden\" name=\"_wpcf7_container_post\" value=\"0\" \/><input type=\"hidden\" name=\"_wpcf7_posted_data_hash\" value=\"\" \/>\n<\/fieldset>\n<p>Ich bestelle gegen Rechnung <span class=\"wpcf7-form-control-wrap\" data-name=\"number-834\"><input class=\"wpcf7-form-control wpcf7-number wpcf7-validates-as-number\" aria-invalid=\"false\" placeholder=\"0\" value=\"\" type=\"number\" name=\"number-834\" \/><\/span> Exemplar(e) des Bandes \"KUNST TRAUM WELT (I)\" 100 Seiten, Gr\u00f6sse 21 x 21 cm,Hardcover, 2024 \u2013 Kunstbuch von Thomas Welti, zum Preis von CHF 45.\u2013, inkl.Verpackung und Versand Europa\n<\/p>\n<p>Ich bestelle gegen Rechnung <span class=\"wpcf7-form-control-wrap\" data-name=\"number-912\"><input class=\"wpcf7-form-control wpcf7-number wpcf7-validates-as-number\" aria-invalid=\"false\" placeholder=\"0\" value=\"\" type=\"number\" name=\"number-912\" \/><\/span> Exemplar des Bandes \"MAGIC LOVE\" Booklet \u00fcber die Werk-Serie, Magiclove, 40 Seiten, Gr\u00f6sse 10,5 x 10,5 cm (analog, Pixi-B\u00fccher), 2024 \u2013 Preis: CHF 12.\u2013, inkl.Verpackung und Versand Europa\n<\/p>\n<p>Ich bestelle gegen Rechnung <span class=\"wpcf7-form-control-wrap\" data-name=\"number-25\"><input class=\"wpcf7-form-control wpcf7-number wpcf7-validates-as-number\" aria-invalid=\"false\" placeholder=\"0\" value=\"\" type=\"number\" name=\"number-25\" \/><\/span> Exemplar(e) des Bandes \"Thomas Welti - Swissartexpo 2022\" zum Preis von CHF 25.\u2013 (zuz\u00fcglich Porto + Verpackung)\n<\/p>\n<p>Ich bestelle gegen Rechnung <span class=\"wpcf7-form-control-wrap\" data-name=\"number-870\"><input class=\"wpcf7-form-control wpcf7-number wpcf7-validates-as-number\" aria-invalid=\"false\" placeholder=\"0\" value=\"\" type=\"number\" name=\"number-870\" \/><\/span> Exemplar des Buchess \"Die Monolithe von Thomas Welti\" zum Preis von CHF 30.\u2013, inkl. Versand Europa\n<\/p>\n<p>Ich bestelle gegen Rechnung <span class=\"wpcf7-form-control-wrap\" data-name=\"number-911\"><input class=\"wpcf7-form-control wpcf7-number wpcf7-validates-as-number\" aria-invalid=\"false\" placeholder=\"0\" value=\"\" type=\"number\" name=\"number-911\" \/><\/span> Exemplar des Kataloges \"Katalog anl\u00e4sslich Swissartexpo 2021\" zum Preis von CHF 25.\u2013, inkl. Versand Europa\n<\/p>\n<p>Ich bestelle gegen Rechnung <span class=\"wpcf7-form-control-wrap\" data-name=\"number-534\"><input class=\"wpcf7-form-control wpcf7-number wpcf7-validates-as-number\" aria-invalid=\"false\" placeholder=\"0\" value=\"\" type=\"number\" name=\"number-534\" \/><\/span> Exemplar des Buches\"Forms with energie&elegance\" zum Preis von CHF 12.\u2013, inkl. Versand Europa\n<\/p>\n<p>Ich bestelle gegen Rechnung <span class=\"wpcf7-form-control-wrap\" data-name=\"number-380\"><input class=\"wpcf7-form-control wpcf7-number wpcf7-validates-as-number\" aria-invalid=\"false\" placeholder=\"0\" value=\"\" type=\"number\" name=\"number-380\" \/><\/span> Exemplar(e) des Bandes \"Thomas Welti - Corpi umani \u2013 Menschenk\u00f6rper\" zum Preis von CHF 45.\u2013\/Euro 30.\u2013 (zuz\u00fcglich Porto + Verpackung)\n<\/p>\n<p>Vorname<br \/>\n(Pflichtfeld)<br \/>\n<span class=\"wpcf7-form-control-wrap\" data-name=\"Vorname\"><input size=\"40\" maxlength=\"400\" class=\"wpcf7-form-control wpcf7-text wpcf7-validates-as-required\" aria-required=\"true\" aria-invalid=\"false\" value=\"\" type=\"text\" name=\"Vorname\" \/><\/span>\n<\/p>\n<p>Name<br \/>\n(Pflichtfeld)<br \/>\n<span class=\"wpcf7-form-control-wrap\" data-name=\"Name\"><input size=\"40\" maxlength=\"400\" class=\"wpcf7-form-control wpcf7-text wpcf7-validates-as-required\" aria-required=\"true\" aria-invalid=\"false\" value=\"\" type=\"text\" name=\"Name\" \/><\/span>\n<\/p>\n<p>Strasse<br \/>\n(Pflichtfeld)<br \/>\n<span class=\"wpcf7-form-control-wrap\" data-name=\"Strasse\"><input size=\"40\" maxlength=\"400\" class=\"wpcf7-form-control wpcf7-text wpcf7-validates-as-required\" aria-required=\"true\" aria-invalid=\"false\" value=\"\" type=\"text\" name=\"Strasse\" \/><\/span>\n<\/p>\n<p>PLZ, Ort<br \/>\n(Pflichtfeld)<br \/>\n<span class=\"wpcf7-form-control-wrap\" data-name=\"PLZ\"><input size=\"40\" maxlength=\"400\" class=\"wpcf7-form-control wpcf7-text wpcf7-validates-as-required\" aria-required=\"true\" aria-invalid=\"false\" value=\"\" type=\"text\" name=\"PLZ\" \/><\/span>\n<\/p>\n<p>Land<br \/>\n(Pflichtfeld)<br \/>\n<span class=\"wpcf7-form-control-wrap\" data-name=\"Land\"><input size=\"40\" maxlength=\"400\" class=\"wpcf7-form-control wpcf7-text wpcf7-validates-as-required\" aria-required=\"true\" aria-invalid=\"false\" value=\"\" type=\"text\" name=\"Land\" \/><\/span>\n<\/p>\n<p>Telefon\n<\/p>\n<p><span class=\"wpcf7-form-control-wrap\" data-name=\"Telefon\"><input size=\"40\" maxlength=\"400\" class=\"wpcf7-form-control wpcf7-tel wpcf7-text wpcf7-validates-as-tel\" aria-invalid=\"false\" value=\"\" type=\"tel\" name=\"Telefon\" \/><\/span>\n<\/p>\n<p>E-mail<br \/>\n(Pflichtfeld)<br \/>\n<span class=\"wpcf7-form-control-wrap\" data-name=\"Mail\"><input size=\"40\" maxlength=\"400\" class=\"wpcf7-form-control wpcf7-email wpcf7-validates-as-required wpcf7-text wpcf7-validates-as-email\" aria-required=\"true\" aria-invalid=\"false\" value=\"\" type=\"email\" name=\"Mail\" \/><\/span>\n<\/p>\n<p>Ihre Nachricht\n<\/p>\n<p><span class=\"wpcf7-form-control-wrap\" data-name=\"textarea-485\"><textarea cols=\"40\" rows=\"10\" maxlength=\"2000\" class=\"wpcf7-form-control wpcf7-textarea\" aria-invalid=\"false\" name=\"textarea-485\"><\/textarea><\/span>\n<\/p>\n<p><span id=\"wpcf7-69f4b7a682f89-wrapper\" class=\"wpcf7-form-control-wrap email-wrap\" style=\"display:none !important; visibility:hidden !important;\"><label for=\"wpcf7-69f4b7a682f89-field\" class=\"hp-message\">Si prega di lasciare vuoto questo campo.<\/label><input id=\"wpcf7-69f4b7a682f89-field\"  class=\"wpcf7-form-control wpcf7-text\" type=\"text\" name=\"email\" value=\"\" size=\"40\" tabindex=\"-1\" autocomplete=\"new-password\" \/><\/span>\n<\/p>\n<p><input class=\"wpcf7-form-control wpcf7-submit has-spinner\" type=\"submit\" value=\"Senden\" \/>\n<\/p><div class=\"wpcf7-response-output\" aria-hidden=\"true\"><\/div>\n<\/form>\n<\/div>\n[\/vc_column][vc_column width=&#8221;1\/3&#8243;][vc_column_text]<em>&#8220;Die Landschaft mit ihren Formen, das Klima, der einzigartige Fundus an Kunst und Geschichte, die Materialien &#8211; Marmor, Alabaster. Kurz: Hier fand ich den idealen Ort, um k\u00fcnstlerisch t\u00e4tig zu sein.&#8221; Welti kam mit gut vierzig Jahren in einem Land an, von dem er &#8211; mehr diffus als konkret &#8211; ein Leben lang getr\u00e4umt hatte. Ein Ort, der ihm Ruhe und den Freiraum gab, Kunst &#8211; seine Kunst &#8211; zu machen.<\/em><\/p>\n<p>Urs Tremp[\/vc_column_text][vc_column_text]<em>Seine liegenden weiblichen Skulpturen mit ihrem lebendigen Rhythmus weicher Formen und einladender H\u00f6hlungen lassen unmittelbar an die grossen Werke von Henry Moore denken, und eine Gruppe stehender Figuren macht auf die gl\u00e4nzend weissen &#8220;Sieben Weisen&#8221; von Melotti aufmerksam.<\/em><\/p>\n<p>Antonella Capitanio[\/vc_column_text][vc_column_text]<em>Die Kunst, die sich vornehmlich einem Thema widmet, dem menschlichen K\u00f6rper, den er immer wieder auf das Wesentliche reduziert, oft als Torso, als Fragment darstellt. Damit erwartet, ja verlangt er vom Betrachter eine ganz pers\u00f6nliche Interpretation. Das Weggelassene soll erahnt werden, das Werk des K\u00fcnstlers soll anregen zum eigenen Schaffen in der Fantasie.<\/em><br \/>\nJosef Kalt[\/vc_column_text][\/vc_column][\/vc_row]<\/p>\n","protected":false},"excerpt":{"rendered":"<p>[vc_row][vc_column width=&#8221;2\/3&#8243;][vc_column_text] Thomas Welti [\/vc_column_text][vc_column_text] Forms with energie&amp;elegance [\/vc_column_text][\/vc_column][vc_column width=&#8221;1\/3&#8243;][\/vc_column][\/vc_row][vc_row][vc_column][vc_raw_html]JTNDZGl2JTIwZGF0YS1jb25maWdpZCUzRCUyMjU0Mjc1NzclMkY1NjM4NTkyNCUyMiUyMHN0eWxlJTNEJTIyd2lkdGglM0ExMDAlMjUlM0IlMjBoZWlnaHQlM0E2MDBweCUzQiUyMiUyMGNsYXNzJTNEJTIyaXNzdXVlbWJlZCUyMiUzRSUzQyUyRmRpdiUzRSUwQSUzQ3NjcmlwdCUyMHR5cGUlM0QlMjJ0ZXh0JTJGamF2YXNjcmlwdCUyMiUyMHNyYyUzRCUyMiUyRiUyRmUuaXNzdXUuY29tJTJGZW1iZWQuanMlMjIlMjBhc3luYyUzRCUyMnRydWUlMjIlM0UlM0MlMkZzY3JpcHQlM0U=[\/vc_raw_html][\/vc_column][\/vc_row][vc_row full_width=&#8221;stretch_row_content_no_spaces&#8221;][vc_column][vc_separator color=&#8221;black&#8221; border_width=&#8221;2&#8243;][\/vc_column][\/vc_row][vc_row][vc_column width=&#8221;2\/3&#8243;][vc_column_text] Thomas Welti [\/vc_column_text][vc_column_text] corpi umani menschenk\u00f6rper [\/vc_column_text][vc_single_image image=&#8221;767&#8243; img_size=&#8221;full&#8221;][vc_column_text]Edition 2006, deutsch, italienisch, 112 Seiten, Hardcover, Buchformat 22&#215;24 cm, 100 Abbildungen von Zeichnungen und plastischen Werken ISBN 88-8341-266-4 CHF 45.&#8211; \/\u20ac 30.&#8211; (Preis &hellip; <\/p>\n<p><a href=\"https:\/\/welti-art.ch\/it\/edizione-stampa\/\" class=\"more-link\"><span class=\"morelink-icon\">Read more<\/span><\/a><\/p>\n","protected":false},"author":3,"featured_media":0,"parent":0,"menu_order":0,"comment_status":"closed","ping_status":"closed","template":"","meta":{"_exactmetrics_skip_tracking":false,"_exactmetrics_sitenote_active":false,"_exactmetrics_sitenote_note":"","_exactmetrics_sitenote_category":0,"footnotes":""},"class_list":["post-2145","page","type-page","status-publish","hentry"],"yoast_head":"<!-- This site is optimized with the Yoast SEO plugin v27.4 - https:\/\/yoast.com\/product\/yoast-seo-wordpress\/ -->\n<title>Edizione Stampa | welti-art.ch<\/title>\n<meta name=\"description\" content=\"Thomas Welti Forms with energie&amp;elegance\" \/>\n<meta name=\"robots\" content=\"index, follow, max-snippet:-1, max-image-preview:large, max-video-preview:-1\" \/>\n<link rel=\"canonical\" href=\"https:\/\/welti-art.ch\/it\/edizione-stampa\/\" \/>\n<meta property=\"og:locale\" content=\"it_IT\" \/>\n<meta property=\"og:type\" content=\"article\" \/>\n<meta property=\"og:title\" content=\"Edizione Stampa | welti-art.ch\" \/>\n<meta property=\"og:description\" content=\"Thomas Welti Forms with energie&amp;elegance\" \/>\n<meta property=\"og:url\" content=\"https:\/\/welti-art.ch\/it\/edizione-stampa\/\" \/>\n<meta property=\"og:site_name\" content=\"welti-art.ch\" \/>\n<meta property=\"article:modified_time\" content=\"2021-09-26T09:58:14+00:00\" \/>\n<meta name=\"twitter:label1\" content=\"Tempo di lettura stimato\" \/>\n\t<meta name=\"twitter:data1\" content=\"2 minuti\" \/>\n<script type=\"application\/ld+json\" class=\"yoast-schema-graph\">{\"@context\":\"https:\\\/\\\/schema.org\",\"@graph\":[{\"@type\":\"WebPage\",\"@id\":\"https:\\\/\\\/welti-art.ch\\\/it\\\/edizione-stampa\\\/\",\"url\":\"https:\\\/\\\/welti-art.ch\\\/it\\\/edizione-stampa\\\/\",\"name\":\"Edizione Stampa | welti-art.ch\",\"isPartOf\":{\"@id\":\"https:\\\/\\\/welti-art.ch\\\/#website\"},\"datePublished\":\"2020-05-28T13:35:40+00:00\",\"dateModified\":\"2021-09-26T09:58:14+00:00\",\"description\":\"Thomas Welti Forms with energie&amp;elegance\",\"inLanguage\":\"it-IT\",\"potentialAction\":[{\"@type\":\"ReadAction\",\"target\":[\"https:\\\/\\\/welti-art.ch\\\/it\\\/edizione-stampa\\\/\"]}]},{\"@type\":\"WebSite\",\"@id\":\"https:\\\/\\\/welti-art.ch\\\/#website\",\"url\":\"https:\\\/\\\/welti-art.ch\\\/\",\"name\":\"welti-art.ch\",\"description\":\"\",\"potentialAction\":[{\"@type\":\"SearchAction\",\"target\":{\"@type\":\"EntryPoint\",\"urlTemplate\":\"https:\\\/\\\/welti-art.ch\\\/?s={search_term_string}\"},\"query-input\":{\"@type\":\"PropertyValueSpecification\",\"valueRequired\":true,\"valueName\":\"search_term_string\"}}],\"inLanguage\":\"it-IT\"}]}<\/script>\n<!-- \/ Yoast SEO plugin. -->","yoast_head_json":{"title":"Edizione Stampa | welti-art.ch","description":"Thomas Welti Forms with energie&amp;elegance","robots":{"index":"index","follow":"follow","max-snippet":"max-snippet:-1","max-image-preview":"max-image-preview:large","max-video-preview":"max-video-preview:-1"},"canonical":"https:\/\/welti-art.ch\/it\/edizione-stampa\/","og_locale":"it_IT","og_type":"article","og_title":"Edizione Stampa | welti-art.ch","og_description":"Thomas Welti Forms with energie&amp;elegance","og_url":"https:\/\/welti-art.ch\/it\/edizione-stampa\/","og_site_name":"welti-art.ch","article_modified_time":"2021-09-26T09:58:14+00:00","twitter_misc":{"Tempo di lettura stimato":"2 minuti"},"schema":{"@context":"https:\/\/schema.org","@graph":[{"@type":"WebPage","@id":"https:\/\/welti-art.ch\/it\/edizione-stampa\/","url":"https:\/\/welti-art.ch\/it\/edizione-stampa\/","name":"Edizione Stampa | welti-art.ch","isPartOf":{"@id":"https:\/\/welti-art.ch\/#website"},"datePublished":"2020-05-28T13:35:40+00:00","dateModified":"2021-09-26T09:58:14+00:00","description":"Thomas Welti Forms with energie&amp;elegance","inLanguage":"it-IT","potentialAction":[{"@type":"ReadAction","target":["https:\/\/welti-art.ch\/it\/edizione-stampa\/"]}]},{"@type":"WebSite","@id":"https:\/\/welti-art.ch\/#website","url":"https:\/\/welti-art.ch\/","name":"welti-art.ch","description":"","potentialAction":[{"@type":"SearchAction","target":{"@type":"EntryPoint","urlTemplate":"https:\/\/welti-art.ch\/?s={search_term_string}"},"query-input":{"@type":"PropertyValueSpecification","valueRequired":true,"valueName":"search_term_string"}}],"inLanguage":"it-IT"}]}},"_links":{"self":[{"href":"https:\/\/welti-art.ch\/it\/wp-json\/wp\/v2\/pages\/2145","targetHints":{"allow":["GET"]}}],"collection":[{"href":"https:\/\/welti-art.ch\/it\/wp-json\/wp\/v2\/pages"}],"about":[{"href":"https:\/\/welti-art.ch\/it\/wp-json\/wp\/v2\/types\/page"}],"author":[{"embeddable":true,"href":"https:\/\/welti-art.ch\/it\/wp-json\/wp\/v2\/users\/3"}],"replies":[{"embeddable":true,"href":"https:\/\/welti-art.ch\/it\/wp-json\/wp\/v2\/comments?post=2145"}],"version-history":[{"count":1,"href":"https:\/\/welti-art.ch\/it\/wp-json\/wp\/v2\/pages\/2145\/revisions"}],"predecessor-version":[{"id":2147,"href":"https:\/\/welti-art.ch\/it\/wp-json\/wp\/v2\/pages\/2145\/revisions\/2147"}],"wp:attachment":[{"href":"https:\/\/welti-art.ch\/it\/wp-json\/wp\/v2\/media?parent=2145"}],"curies":[{"name":"wp","href":"https:\/\/api.w.org\/{rel}","templated":true}]}}